{"id":2,"date":"2009-01-18T17:29:31","date_gmt":"2009-01-18T16:29:31","guid":{"rendered":"http:\/\/www.cfardel.net\/blog\/?page_id=2"},"modified":"2023-06-12T11:55:01","modified_gmt":"2023-06-12T09:55:01","slug":"accueil","status":"publish","type":"page","link":"https:\/\/www.cfardel.net\/blog\/","title":{"rendered":"Accueil"},"content":{"rendered":"<h2 class=\"aligncenter\">Pr\u00e9sentation<\/h2>\n<p><img loading=\"lazy\" decoding=\"async\" src=\"http:\/\/www.cfardel.net\/blog\/wp-content\/uploads\/2021\/01\/cedric-plan-Soleure-2-239x300.jpg\" alt=\"C\u00e9dric debout devant le plan de la ville de Soleure. Ce dernier est en 3D et comporte des indications en braille.\" width=\"239\" height=\"300\" class=\"aligncenter size-medium wp-image-1435\" srcset=\"https:\/\/www.cfardel.net\/blog\/wp-content\/uploads\/2021\/01\/cedric-plan-Soleure-2-239x300.jpg 239w, https:\/\/www.cfardel.net\/blog\/wp-content\/uploads\/2021\/01\/cedric-plan-Soleure-2-817x1024.jpg 817w, https:\/\/www.cfardel.net\/blog\/wp-content\/uploads\/2021\/01\/cedric-plan-Soleure-2-1225x1536.jpg 1225w, https:\/\/www.cfardel.net\/blog\/wp-content\/uploads\/2021\/01\/cedric-plan-Soleure-2-1634x2048.jpg 1634w, https:\/\/www.cfardel.net\/blog\/wp-content\/uploads\/2021\/01\/cedric-plan-Soleure-2-1568x1966.jpg 1568w, https:\/\/www.cfardel.net\/blog\/wp-content\/uploads\/2021\/01\/cedric-plan-Soleure-2-scaled.jpg 2042w\" sizes=\"auto, (max-width: 239px) 100vw, 239px\" \/><\/p>\n<p>Je m&rsquo;appelle C\u00e9dric, je suis n\u00e9 en 1988. Atteint d\u2019une vitr\u00e9o-r\u00e9tinopathie, j\u2019ai vu tr\u00e8s peu jusqu\u2019\u00e0 environ 4 ans et, depuis cet \u00e2ge, il ne me reste plus qu\u2019une tr\u00e8s faible perception de la lumi\u00e8re. Pour moi, \u00eatre aveugle est donc quelque chose de normal, d\u2019habituel, et, pour \u00eatre franc, je ne me pose pas de questions. \u00c7a ne me g\u00eane pas qu\u2019on me parle du handicap, mais je n\u2019y pense pas plus que la plupart des gens ne r\u00e9fl\u00e9chisse sur le fait d\u2019y voir clair.<\/p>\n<p>Oh, je peux reconna\u00eetre que je regrette bien de ne pas pouvoir envisager de conduire une voiture, comme d\u2019accomplir d\u2019autres choses o\u00f9 la vue est indispensable. Un autre inconv\u00e9nient, c\u2019est pour les achats. Pour le pain, par exemple, s\u2019il suffit de le demander \u00e0 la boulangerie, il en va tout autrement pour les v\u00eatements ou les articles qu\u2019on ne trouve que dans les grandes surfaces. Autre chose me manque aussi, c\u2019est de ne pas pouvoir lire les panneaux dans les rues ou les inscriptions que vous rencontrez partout.<\/p>\n<p>Par ailleurs, je n\u2019aime pas bien me retrouver parmi des gens qui regardent et se passent des photos, surtout quand \u00e7a dure longtemps.<\/p>\n<p>S\u2019agissant de savoir comment on \u00ab voit \u00bb quand on est aveugle, si l\u2019on est dans le noir, j\u2019ai un peu de mal \u00e0 expliquer la chose car je n\u2019ai pas de point de comparaison. En tous cas, je ne vois pas le noir. Je parlerais plut\u00f4t d\u2019une impression de clart\u00e9 ou d\u2019obscurit\u00e9. Un ami \u00e9galement aveugle qui a cette m\u00eame impression me dit qu\u2019elle varie selon son humeur. S\u2019il est de bonne humeur, l\u2019impression est lumineuse ; s\u2019il est d\u2019humeur plus maussade, c\u2019est l\u2019obscurit\u00e9 qu\u2019il per\u00e7oit.<\/p>\n<p>Enfin, je pr\u00e9cise que je ne vis pas la c\u00e9cit\u00e9 comme un drame, que je n\u2019\u00e9changerais pas mon handicap contre un autre et que je consid\u00e8re donc qu\u2019il y a toujours pire situation que la sienne.<\/p>\n<p>Maintenant, si vous vous posez des questions, n\u2019h\u00e9sitez pas \u00e0 me contacter. Je t\u00e2cherai d\u2019y r\u00e9pondre de mon mieux.<\/p>\n<p>Concernant le site Internet, j\u2019ai eu l\u2019id\u00e9e de le lancer en 2002 , notamment pour montrer que la c\u00e9cit\u00e9 n&rsquo;est pas un handicap aussi limitant qu&rsquo;on pourrait le croire parfois.<\/p>\n","protected":false},"excerpt":{"rendered":"<p>Pr\u00e9sentation Je m&rsquo;appelle C\u00e9dric, je suis n\u00e9 en 1988. Atteint d\u2019une vitr\u00e9o-r\u00e9tinopathie, j\u2019ai vu tr\u00e8s peu jusqu\u2019\u00e0 environ 4 ans et, depuis cet \u00e2ge, il ne me reste plus qu\u2019une tr\u00e8s faible perception de la lumi\u00e8re. Pour moi, \u00eatre aveugle est donc quelque chose de normal, d\u2019habituel, et, pour \u00eatre franc, je ne me pose [&hellip;]<\/p>\n","protected":false},"author":1,"featured_media":0,"parent":0,"menu_order":0,"comment_status":"closed","ping_status":"closed","template":"","meta":{"footnotes":""},"class_list":["post-2","page","type-page","status-publish","hentry"],"_links":{"self":[{"href":"https:\/\/www.cfardel.net\/blog\/wp-json\/wp\/v2\/pages\/2","targetHints":{"allow":["GET"]}}],"collection":[{"href":"https:\/\/www.cfardel.net\/blog\/wp-json\/wp\/v2\/pages"}],"about":[{"href":"https:\/\/www.cfardel.net\/blog\/wp-json\/wp\/v2\/types\/page"}],"author":[{"embeddable":true,"href":"https:\/\/www.cfardel.net\/blog\/wp-json\/wp\/v2\/users\/1"}],"replies":[{"embeddable":true,"href":"https:\/\/www.cfardel.net\/blog\/wp-json\/wp\/v2\/comments?post=2"}],"version-history":[{"count":73,"href":"https:\/\/www.cfardel.net\/blog\/wp-json\/wp\/v2\/pages\/2\/revisions"}],"predecessor-version":[{"id":1481,"href":"https:\/\/www.cfardel.net\/blog\/wp-json\/wp\/v2\/pages\/2\/revisions\/1481"}],"wp:attachment":[{"href":"https:\/\/www.cfardel.net\/blog\/wp-json\/wp\/v2\/media?parent=2"}],"curies":[{"name":"wp","href":"https:\/\/api.w.org\/{rel}","templated":true}]}}